{"id":56,"date":"2021-10-11T21:43:01","date_gmt":"2021-10-11T19:43:01","guid":{"rendered":"http:\/\/www.gites-scheidecker.com\/install\/?page_id=56"},"modified":"2026-04-12T10:09:26","modified_gmt":"2026-04-12T08:09:26","slug":"edelweiss","status":"publish","type":"page","link":"http:\/\/www.gites-scheidecker.com\/install\/index.php\/edelweiss\/","title":{"rendered":"Edelweiss"},"content":{"rendered":"\n<h1 class=\"wp-block-heading\">Le g\u00eete \u00ab\u00a0Edelweiss\u00a0\u00bb<\/h1>\n\n\n\n<p>Ce g\u00eete est situ\u00e9 \u00e0 l&rsquo;\u00e9tage de la maison, et peut accueillir jusqu\u2019\u00e0 4 personnes. Vous disposerez d&rsquo;une entr\u00e9e ind\u00e9pendante, d&rsquo;une cour privative pour la voiture, un balcon avec une superbe vue sur les 3 Ch\u00e2teaux, et l&rsquo;acc\u00e8s au jardin commun.<\/p>\n\n\n\n<figure class=\"wp-block-gallery has-nested-images columns-default is-cropped wp-block-gallery-1 is-layout-flex wp-block-gallery-is-layout-flex\">\n<figure class=\"wp-block-image size-large\"><img loading=\"lazy\" decoding=\"async\" width=\"768\" height=\"1024\" data-id=\"320\" src=\"http:\/\/www.gites-scheidecker.com\/install\/wp-content\/uploads\/2026\/04\/SDB-EDEL-3-768x1024.jpg\" alt=\"\" class=\"wp-image-320\" srcset=\"http:\/\/www.gites-scheidecker.com\/install\/wp-content\/uploads\/2026\/04\/SDB-EDEL-3-768x1024.jpg 768w, http:\/\/www.gites-scheidecker.com\/install\/wp-content\/uploads\/2026\/04\/SDB-EDEL-3-225x300.jpg 225w, http:\/\/www.gites-scheidecker.com\/install\/wp-content\/uploads\/2026\/04\/SDB-EDEL-3-1152x1536.jpg 1152w, http:\/\/www.gites-scheidecker.com\/install\/wp-content\/uploads\/2026\/04\/SDB-EDEL-3.jpg 1200w\" sizes=\"auto, (max-width: 706px) 89vw, (max-width: 767px) 82vw, 740px\" \/><\/figure>\n\n\n\n<figure class=\"wp-block-image size-large\"><img loading=\"lazy\" decoding=\"async\" width=\"768\" height=\"1024\" data-id=\"315\" src=\"http:\/\/www.gites-scheidecker.com\/install\/wp-content\/uploads\/2026\/04\/SDB-EDEL-1-768x1024.jpg\" alt=\"\" class=\"wp-image-315\" srcset=\"http:\/\/www.gites-scheidecker.com\/install\/wp-content\/uploads\/2026\/04\/SDB-EDEL-1-768x1024.jpg 768w, http:\/\/www.gites-scheidecker.com\/install\/wp-content\/uploads\/2026\/04\/SDB-EDEL-1-225x300.jpg 225w, http:\/\/www.gites-scheidecker.com\/install\/wp-content\/uploads\/2026\/04\/SDB-EDEL-1-1152x1536.jpg 1152w, http:\/\/www.gites-scheidecker.com\/install\/wp-content\/uploads\/2026\/04\/SDB-EDEL-1.jpg 1200w\" sizes=\"auto, (max-width: 706px) 89vw, (max-width: 767px) 82vw, 740px\" \/><\/figure>\n\n\n\n<figure class=\"wp-block-image size-large\"><img loading=\"lazy\" decoding=\"async\" width=\"768\" height=\"1024\" data-id=\"322\" src=\"http:\/\/www.gites-scheidecker.com\/install\/wp-content\/uploads\/2026\/04\/SDB-EDEL-4-768x1024.jpg\" alt=\"\" class=\"wp-image-322\" srcset=\"http:\/\/www.gites-scheidecker.com\/install\/wp-content\/uploads\/2026\/04\/SDB-EDEL-4-768x1024.jpg 768w, http:\/\/www.gites-scheidecker.com\/install\/wp-content\/uploads\/2026\/04\/SDB-EDEL-4-225x300.jpg 225w, http:\/\/www.gites-scheidecker.com\/install\/wp-content\/uploads\/2026\/04\/SDB-EDEL-4-1152x1536.jpg 1152w, http:\/\/www.gites-scheidecker.com\/install\/wp-content\/uploads\/2026\/04\/SDB-EDEL-4.jpg 1200w\" sizes=\"auto, (max-width: 706px) 89vw, (max-width: 767px) 82vw, 740px\" \/><\/figure>\n<\/figure>\n\n\n\n<figure class=\"wp-block-gallery has-nested-images columns-default is-cropped wp-block-gallery-2 is-layout-flex wp-block-gallery-is-layout-flex\">\n<figure class=\"wp-block-image size-large\"><img loading=\"lazy\" decoding=\"async\" width=\"1024\" height=\"768\" data-id=\"70\" src=\"http:\/\/www.gites-scheidecker.com\/install\/wp-content\/uploads\/2021\/11\/DSCN0496-1024x768.jpeg\" alt=\"\" class=\"wp-image-70\" srcset=\"http:\/\/www.gites-scheidecker.com\/install\/wp-content\/uploads\/2021\/11\/DSCN0496-1024x768.jpeg 1024w, http:\/\/www.gites-scheidecker.com\/install\/wp-content\/uploads\/2021\/11\/DSCN0496-300x225.jpeg 300w, http:\/\/www.gites-scheidecker.com\/install\/wp-content\/uploads\/2021\/11\/DSCN0496-768x576.jpeg 768w, http:\/\/www.gites-scheidecker.com\/install\/wp-content\/uploads\/2021\/11\/DSCN0496-1536x1152.jpeg 1536w, http:\/\/www.gites-scheidecker.com\/install\/wp-content\/uploads\/2021\/11\/DSCN0496-2048x1536.jpeg 2048w\" sizes=\"auto, (max-width: 706px) 89vw, (max-width: 767px) 82vw, 740px\" \/><\/figure>\n\n\n\n<figure class=\"wp-block-image size-large\"><img loading=\"lazy\" decoding=\"async\" width=\"768\" height=\"1024\" data-id=\"74\" src=\"http:\/\/www.gites-scheidecker.com\/install\/wp-content\/uploads\/2021\/11\/IMG_3950-768x1024.jpeg\" alt=\"\" class=\"wp-image-74\" srcset=\"http:\/\/www.gites-scheidecker.com\/install\/wp-content\/uploads\/2021\/11\/IMG_3950-768x1024.jpeg 768w, http:\/\/www.gites-scheidecker.com\/install\/wp-content\/uploads\/2021\/11\/IMG_3950-225x300.jpeg 225w, http:\/\/www.gites-scheidecker.com\/install\/wp-content\/uploads\/2021\/11\/IMG_3950-1152x1536.jpeg 1152w, http:\/\/www.gites-scheidecker.com\/install\/wp-content\/uploads\/2021\/11\/IMG_3950-rotated.jpeg 1512w\" sizes=\"auto, (max-width: 706px) 89vw, (max-width: 767px) 82vw, 740px\" \/><\/figure>\n\n\n\n<figure class=\"wp-block-image size-large\"><img loading=\"lazy\" decoding=\"async\" width=\"480\" height=\"640\" data-id=\"72\" src=\"http:\/\/www.gites-scheidecker.com\/install\/wp-content\/uploads\/2021\/11\/Image-14-01-2021-a-14.36.jpeg\" alt=\"\" class=\"wp-image-72\" srcset=\"http:\/\/www.gites-scheidecker.com\/install\/wp-content\/uploads\/2021\/11\/Image-14-01-2021-a-14.36.jpeg 480w, http:\/\/www.gites-scheidecker.com\/install\/wp-content\/uploads\/2021\/11\/Image-14-01-2021-a-14.36-225x300.jpeg 225w\" sizes=\"auto, (max-width: 480px) 100vw, 480px\" \/><\/figure>\n\n\n\n<figure class=\"wp-block-image size-large\"><img loading=\"lazy\" decoding=\"async\" width=\"768\" height=\"1024\" data-id=\"208\" src=\"http:\/\/www.gites-scheidecker.com\/install\/wp-content\/uploads\/2022\/06\/IMG_6797-768x1024.jpg\" alt=\"\" class=\"wp-image-208\" srcset=\"http:\/\/www.gites-scheidecker.com\/install\/wp-content\/uploads\/2022\/06\/IMG_6797-768x1024.jpg 768w, http:\/\/www.gites-scheidecker.com\/install\/wp-content\/uploads\/2022\/06\/IMG_6797-225x300.jpg 225w, http:\/\/www.gites-scheidecker.com\/install\/wp-content\/uploads\/2022\/06\/IMG_6797-1152x1536.jpg 1152w, http:\/\/www.gites-scheidecker.com\/install\/wp-content\/uploads\/2022\/06\/IMG_6797-rotated.jpg 1512w\" sizes=\"auto, (max-width: 706px) 89vw, (max-width: 767px) 82vw, 740px\" \/><\/figure>\n\n\n\n<figure class=\"wp-block-image size-large\"><img loading=\"lazy\" decoding=\"async\" width=\"768\" height=\"1024\" data-id=\"73\" src=\"http:\/\/www.gites-scheidecker.com\/install\/wp-content\/uploads\/2021\/11\/IMG_3948-768x1024.jpeg\" alt=\"\" class=\"wp-image-73\" srcset=\"http:\/\/www.gites-scheidecker.com\/install\/wp-content\/uploads\/2021\/11\/IMG_3948-768x1024.jpeg 768w, http:\/\/www.gites-scheidecker.com\/install\/wp-content\/uploads\/2021\/11\/IMG_3948-225x300.jpeg 225w, http:\/\/www.gites-scheidecker.com\/install\/wp-content\/uploads\/2021\/11\/IMG_3948-1152x1536.jpeg 1152w, http:\/\/www.gites-scheidecker.com\/install\/wp-content\/uploads\/2021\/11\/IMG_3948-rotated.jpeg 1512w\" sizes=\"auto, (max-width: 706px) 89vw, (max-width: 767px) 82vw, 740px\" \/><\/figure>\n<\/figure>\n\n\n\n<figure class=\"wp-block-gallery has-nested-images columns-default is-cropped wp-block-gallery-3 is-layout-flex wp-block-gallery-is-layout-flex\">\n<figure class=\"wp-block-image size-large\"><img loading=\"lazy\" decoding=\"async\" width=\"480\" height=\"640\" data-id=\"197\" src=\"http:\/\/www.gites-scheidecker.com\/install\/wp-content\/uploads\/2022\/01\/PHOTO-2021-07-17-13-13-523.jpeg\" alt=\"\" class=\"wp-image-197\" srcset=\"http:\/\/www.gites-scheidecker.com\/install\/wp-content\/uploads\/2022\/01\/PHOTO-2021-07-17-13-13-523.jpeg 480w, http:\/\/www.gites-scheidecker.com\/install\/wp-content\/uploads\/2022\/01\/PHOTO-2021-07-17-13-13-523-225x300.jpeg 225w\" sizes=\"auto, (max-width: 480px) 100vw, 480px\" \/><\/figure>\n<\/figure>\n\n\n\n<h3 class=\"wp-block-heading\"><strong>Caract\u00e9ristiques :<\/strong><\/h3>\n\n\n\n<p>&#8211; Capacit\u00e9 jusqu&rsquo;\u00e0 4 personnes<br>&#8211; Parking priv\u00e9 dans la cour<br>&#8211; Balcon<br>&#8211; G\u00eete climatis\u00e9<br>&#8211; Connexion internet wi-fi gratuite<\/p>\n\n\n\n<h3 class=\"wp-block-heading\"><strong>\u00c9quipements du g\u00eete :<\/strong><\/h3>\n\n\n\n<div class=\"wp-block-columns is-layout-flex wp-container-core-columns-is-layout-9d6595d7 wp-block-columns-is-layout-flex\">\n<div class=\"wp-block-column is-layout-flow wp-block-column-is-layout-flow\">\n<p><strong>Salle de bain<\/strong><br>&#8211; Salle de bains privative<br>&#8211; S\u00e8che serviettes<br>&#8211; Douche<br>&#8211; Meuble vasque<br>&#8211; S\u00e8che-cheveux<\/p>\n\n\n\n<p><strong>Cuisine<\/strong><br>&#8211; Cuisine \u00e9quip\u00e9e<br>&#8211; Grille-pain<br>&#8211; Machine \u00e0 caf\u00e9<br>&#8211; Plaque de cuisson<br>&#8211; Four<br>&#8211; Ustensiles de cuisine<br>&#8211; Bouilloire \u00e9lectrique<br>&#8211; Micro-ondes<br>&#8211; R\u00e9frig\u00e9rateur<br><br><strong>Divers<\/strong><br>&#8211; Lave linge<br>&#8211; S\u00e8che linge<br>&#8211; \u00c9tendoir<br>&#8211; Mat\u00e9riel de repassage<\/p>\n<\/div>\n\n\n\n<div class=\"wp-block-column is-layout-flow wp-block-column-is-layout-flow\">\n<p><strong>Premi\u00e8re chambre<\/strong><br>&#8211; Lit 1,40 x 1,90m<br>&#8211; Linge de lit<br>&#8211; Armoire<br>&#8211; T\u00e9l\u00e9vision<br><meta charset=\"utf-8\"><br><strong><strong>Deuxi\u00e8me chambre<\/strong><\/strong><br>&#8211; 2 lits 1 personne <br>&#8211; Linge de lit<br>&#8211; Armoire<\/p>\n\n\n\n<p><strong>Salon <\/strong><br>&#8211; Canap\u00e9 et fauteuils<br>&#8211; T\u00e9l\u00e9vision<br>&#8211; Radio<\/p>\n\n\n\n<p><strong>En ext\u00e9rieur<\/strong><br>&#8211; Balcon<br>&#8211; Mobilier ext\u00e9rieur<br>&#8211; Barbecue commun<br>&#8211; Jardin commun<\/p>\n<\/div>\n<\/div>\n\n\n\n<figure class=\"wp-block-gallery has-nested-images columns-default is-cropped wp-block-gallery-4 is-layout-flex wp-block-gallery-is-layout-flex\">\n<figure class=\"wp-block-image size-large\"><img loading=\"lazy\" decoding=\"async\" width=\"768\" height=\"1024\" data-id=\"199\" src=\"http:\/\/www.gites-scheidecker.com\/install\/wp-content\/uploads\/2022\/01\/PHOTO-2021-07-17-13-13.jpg\" alt=\"\" class=\"wp-image-199\" srcset=\"http:\/\/www.gites-scheidecker.com\/install\/wp-content\/uploads\/2022\/01\/PHOTO-2021-07-17-13-13.jpg 768w, http:\/\/www.gites-scheidecker.com\/install\/wp-content\/uploads\/2022\/01\/PHOTO-2021-07-17-13-13-225x300.jpg 225w\" sizes=\"auto, (max-width: 706px) 89vw, (max-width: 767px) 82vw, 740px\" \/><\/figure>\n\n\n\n<figure class=\"wp-block-image size-large\"><img loading=\"lazy\" decoding=\"async\" width=\"480\" height=\"640\" data-id=\"198\" src=\"http:\/\/www.gites-scheidecker.com\/install\/wp-content\/uploads\/2022\/01\/PHOTO-2021-07-17-13-13-524.jpeg\" alt=\"\" class=\"wp-image-198\" srcset=\"http:\/\/www.gites-scheidecker.com\/install\/wp-content\/uploads\/2022\/01\/PHOTO-2021-07-17-13-13-524.jpeg 480w, http:\/\/www.gites-scheidecker.com\/install\/wp-content\/uploads\/2022\/01\/PHOTO-2021-07-17-13-13-524-225x300.jpeg 225w\" sizes=\"auto, (max-width: 480px) 100vw, 480px\" \/><\/figure>\n<\/figure>\n\n\n\n<h3 class=\"wp-block-heading\"><strong>Nos disponibilit\u00e9s : <\/strong><\/h3>\n\n\n\n<p class=\"has-medium-font-size\"><small>N&rsquo;h\u00e9sitez pas \u00e0 nous contacter pour plus d&rsquo;information ou pour r\u00e9server, vous trouverez nos coordonn\u00e9es en bas de page. Vous pouvez \u00e9galement consulter nos disponibilit\u00e9s sur le site de<\/small><a href=\"https:\/\/www.gites-de-france.com\/fr\/grand-est\/haut-rhin\/la-streng-laurier-h68g021549\"><small> <\/small><\/a><small><a href=\"https:\/\/www.gites-de-france.com\/fr\/grand-est\/haut-rhin\/la-streng-edelweiss-h68g021764\" target=\"_blank\" rel=\"noreferrer noopener\">G\u00eetes de France<\/a><\/small><\/p>\n\n\n\n<p><\/p>\n\n\n\n<figure class=\"wp-block-image size-full\"><img loading=\"lazy\" decoding=\"async\" width=\"965\" height=\"644\" src=\"http:\/\/www.gites-scheidecker.com\/install\/wp-content\/uploads\/2021\/12\/P1010246.jpg\" alt=\"\" class=\"wp-image-160\" srcset=\"http:\/\/www.gites-scheidecker.com\/install\/wp-content\/uploads\/2021\/12\/P1010246.jpg 965w, http:\/\/www.gites-scheidecker.com\/install\/wp-content\/uploads\/2021\/12\/P1010246-300x200.jpg 300w, http:\/\/www.gites-scheidecker.com\/install\/wp-content\/uploads\/2021\/12\/P1010246-768x513.jpg 768w\" sizes=\"auto, (max-width: 706px) 89vw, (max-width: 767px) 82vw, 740px\" \/><\/figure>\n\n\n\n<p><\/p>\n","protected":false},"excerpt":{"rendered":"<p>Le g\u00eete \u00ab\u00a0Edelweiss\u00a0\u00bb Ce g\u00eete est situ\u00e9 \u00e0 l&rsquo;\u00e9tage de la maison, et peut accueillir jusqu\u2019\u00e0 4 personnes. Vous disposerez d&rsquo;une entr\u00e9e ind\u00e9pendante, d&rsquo;une cour privative pour la voiture, un balcon avec une superbe vue sur les 3 Ch\u00e2teaux, et l&rsquo;acc\u00e8s au jardin commun. Caract\u00e9ristiques : &#8211; Capacit\u00e9 jusqu&rsquo;\u00e0 4 personnes&#8211; Parking priv\u00e9 dans la &hellip; <\/p>\n<p class=\"link-more\"><a href=\"http:\/\/www.gites-scheidecker.com\/install\/index.php\/edelweiss\/\" class=\"more-link\">Continuer la lecture<span class=\"screen-reader-text\"> de &laquo;&nbsp;Edelweiss&nbsp;&raquo;<\/span><\/a><\/p>\n","protected":false},"author":1,"featured_media":0,"parent":0,"menu_order":0,"comment_status":"closed","ping_status":"closed","template":"","meta":{"footnotes":""},"class_list":["post-56","page","type-page","status-publish","hentry"],"_links":{"self":[{"href":"http:\/\/www.gites-scheidecker.com\/install\/index.php\/wp-json\/wp\/v2\/pages\/56","targetHints":{"allow":["GET"]}}],"collection":[{"href":"http:\/\/www.gites-scheidecker.com\/install\/index.php\/wp-json\/wp\/v2\/pages"}],"about":[{"href":"http:\/\/www.gites-scheidecker.com\/install\/index.php\/wp-json\/wp\/v2\/types\/page"}],"author":[{"embeddable":true,"href":"http:\/\/www.gites-scheidecker.com\/install\/index.php\/wp-json\/wp\/v2\/users\/1"}],"replies":[{"embeddable":true,"href":"http:\/\/www.gites-scheidecker.com\/install\/index.php\/wp-json\/wp\/v2\/comments?post=56"}],"version-history":[{"count":26,"href":"http:\/\/www.gites-scheidecker.com\/install\/index.php\/wp-json\/wp\/v2\/pages\/56\/revisions"}],"predecessor-version":[{"id":323,"href":"http:\/\/www.gites-scheidecker.com\/install\/index.php\/wp-json\/wp\/v2\/pages\/56\/revisions\/323"}],"wp:attachment":[{"href":"http:\/\/www.gites-scheidecker.com\/install\/index.php\/wp-json\/wp\/v2\/media?parent=56"}],"curies":[{"name":"wp","href":"https:\/\/api.w.org\/{rel}","templated":true}]}}