{"id":49,"date":"2021-10-11T21:38:01","date_gmt":"2021-10-11T19:38:01","guid":{"rendered":"http:\/\/www.gites-scheidecker.com\/install\/?page_id=49"},"modified":"2026-02-17T06:53:25","modified_gmt":"2026-02-17T05:53:25","slug":"laurier","status":"publish","type":"page","link":"http:\/\/www.gites-scheidecker.com\/install\/index.php\/laurier\/","title":{"rendered":"Laurier"},"content":{"rendered":"\n<h1 class=\"wp-block-heading\">Le g\u00eete \u00ab\u00a0Laurier\u00a0\u00bb<\/h1>\n\n\n\n<p>Ce g\u00eete est situ\u00e9 au rez-de-chauss\u00e9e de la maison, et peut accueillir 2 personnes et un b\u00e9b\u00e9.  Vous disposerez d&rsquo;une entr\u00e9e ind\u00e9pendante, d&rsquo;une cour privative pour la voiture, une terrasse priv\u00e9 et l&rsquo;acc\u00e8s au jardin commun. <\/p>\n\n\n\n<figure class=\"wp-block-gallery has-nested-images columns-default is-cropped wp-block-gallery-1 is-layout-flex wp-block-gallery-is-layout-flex\">\n<figure class=\"wp-block-image size-full\"><img loading=\"lazy\" decoding=\"async\" width=\"480\" height=\"640\" data-id=\"290\" src=\"http:\/\/www.gites-scheidecker.com\/install\/wp-content\/uploads\/2023\/03\/SAM-rotated.jpg\" alt=\"\" class=\"wp-image-290\" srcset=\"http:\/\/www.gites-scheidecker.com\/install\/wp-content\/uploads\/2023\/03\/SAM-rotated.jpg 480w, http:\/\/www.gites-scheidecker.com\/install\/wp-content\/uploads\/2023\/03\/SAM-225x300.jpg 225w\" sizes=\"auto, (max-width: 480px) 100vw, 480px\" \/><\/figure>\n\n\n\n<figure class=\"wp-block-image size-full\"><img loading=\"lazy\" decoding=\"async\" width=\"480\" height=\"640\" data-id=\"288\" src=\"http:\/\/www.gites-scheidecker.com\/install\/wp-content\/uploads\/2023\/03\/SALON1-rotated.jpg\" alt=\"\" class=\"wp-image-288\" srcset=\"http:\/\/www.gites-scheidecker.com\/install\/wp-content\/uploads\/2023\/03\/SALON1-rotated.jpg 480w, http:\/\/www.gites-scheidecker.com\/install\/wp-content\/uploads\/2023\/03\/SALON1-225x300.jpg 225w\" sizes=\"auto, (max-width: 480px) 100vw, 480px\" \/><\/figure>\n<\/figure>\n\n\n\n<figure class=\"wp-block-image size-full\"><img loading=\"lazy\" decoding=\"async\" width=\"1024\" height=\"768\" src=\"http:\/\/www.gites-scheidecker.com\/install\/wp-content\/uploads\/2024\/01\/2f7a479f-2e2f-4bfd-9ddb-6e6659fa1da6.jpg\" alt=\"\" class=\"wp-image-296\" srcset=\"http:\/\/www.gites-scheidecker.com\/install\/wp-content\/uploads\/2024\/01\/2f7a479f-2e2f-4bfd-9ddb-6e6659fa1da6.jpg 1024w, http:\/\/www.gites-scheidecker.com\/install\/wp-content\/uploads\/2024\/01\/2f7a479f-2e2f-4bfd-9ddb-6e6659fa1da6-300x225.jpg 300w, http:\/\/www.gites-scheidecker.com\/install\/wp-content\/uploads\/2024\/01\/2f7a479f-2e2f-4bfd-9ddb-6e6659fa1da6-768x576.jpg 768w\" sizes=\"auto, (max-width: 706px) 89vw, (max-width: 767px) 82vw, 740px\" \/><\/figure>\n\n\n\n<figure class=\"wp-block-gallery has-nested-images columns-default is-cropped wp-block-gallery-2 is-layout-flex wp-block-gallery-is-layout-flex\">\n<figure class=\"wp-block-image size-large\"><img loading=\"lazy\" decoding=\"async\" width=\"768\" height=\"1024\" data-id=\"76\" src=\"http:\/\/www.gites-scheidecker.com\/install\/wp-content\/uploads\/2021\/11\/IMG_1426-768x1024.jpeg\" alt=\"\" class=\"wp-image-76\" srcset=\"http:\/\/www.gites-scheidecker.com\/install\/wp-content\/uploads\/2021\/11\/IMG_1426-768x1024.jpeg 768w, http:\/\/www.gites-scheidecker.com\/install\/wp-content\/uploads\/2021\/11\/IMG_1426-225x300.jpeg 225w, http:\/\/www.gites-scheidecker.com\/install\/wp-content\/uploads\/2021\/11\/IMG_1426-1152x1536.jpeg 1152w, http:\/\/www.gites-scheidecker.com\/install\/wp-content\/uploads\/2021\/11\/IMG_1426-1536x2048.jpeg 1536w, http:\/\/www.gites-scheidecker.com\/install\/wp-content\/uploads\/2021\/11\/IMG_1426-scaled.jpeg 1920w\" sizes=\"auto, (max-width: 706px) 89vw, (max-width: 767px) 82vw, 740px\" \/><\/figure>\n\n\n\n<figure class=\"wp-block-image size-large\"><img loading=\"lazy\" decoding=\"async\" width=\"768\" height=\"1024\" data-id=\"300\" src=\"http:\/\/www.gites-scheidecker.com\/install\/wp-content\/uploads\/2025\/01\/SDB-LAURIER-2024-1-768x1024.jpg\" alt=\"\" class=\"wp-image-300\" srcset=\"http:\/\/www.gites-scheidecker.com\/install\/wp-content\/uploads\/2025\/01\/SDB-LAURIER-2024-1-768x1024.jpg 768w, http:\/\/www.gites-scheidecker.com\/install\/wp-content\/uploads\/2025\/01\/SDB-LAURIER-2024-1-225x300.jpg 225w, http:\/\/www.gites-scheidecker.com\/install\/wp-content\/uploads\/2025\/01\/SDB-LAURIER-2024-1-1152x1536.jpg 1152w, http:\/\/www.gites-scheidecker.com\/install\/wp-content\/uploads\/2025\/01\/SDB-LAURIER-2024-1-1536x2048.jpg 1536w, http:\/\/www.gites-scheidecker.com\/install\/wp-content\/uploads\/2025\/01\/SDB-LAURIER-2024-1-scaled.jpg 1920w\" sizes=\"auto, (max-width: 706px) 89vw, (max-width: 767px) 82vw, 740px\" \/><\/figure>\n<\/figure>\n\n\n\n<h3 class=\"wp-block-heading\"><strong>Caract\u00e9ristiques :<\/strong><\/h3>\n\n\n\n<p>&#8211; Capacit\u00e9 2 personnes<br>&#8211; Parking priv\u00e9 dans la cour<br>&#8211; Terrasse priv\u00e9<br>&#8211; G\u00eete climatis\u00e9<br>&#8211; Connexion internet wi-fi gratuite<\/p>\n\n\n\n<h3 class=\"wp-block-heading\"><meta charset=\"utf-8\"><strong>\u00c9quipements du g\u00eete :<\/strong><\/h3>\n\n\n\n<div class=\"wp-block-columns is-layout-flex wp-container-core-columns-is-layout-9d6595d7 wp-block-columns-is-layout-flex\">\n<div class=\"wp-block-column is-layout-flow wp-block-column-is-layout-flow\">\n<p><strong>Salle de bain<\/strong><br>&#8211; Salle de bains privative<br>&#8211; S\u00e8che serviettes<br>&#8211; Meuble vasque<br>&#8211; Douche<br>&#8211; S\u00e8che-cheveux<\/p>\n\n\n\n<p><strong>Cuisine<\/strong><br>&#8211; Cuisine \u00e9quip\u00e9e<br>&#8211; Grille-pain<br>&#8211; Machine \u00e0 caf\u00e9<br>&#8211; Plaque de cuisson<br>&#8211; Four<br>&#8211; Ustensiles de cuisine<br>&#8211; Bouilloire \u00e9lectrique<br>&#8211; Micro-ondes<br>&#8211; R\u00e9frig\u00e9rateur<br><br><strong>En ext\u00e9rieur<\/strong><br>&#8211; Mobilier ext\u00e9rieur<br>&#8211; Barbecue<br>&#8211; Terrasse<br>&#8211; Jardin<br><\/p>\n<\/div>\n\n\n\n<div class=\"wp-block-column is-layout-flow wp-block-column-is-layout-flow\">\n<p><strong>Chambre<\/strong><br>&#8211; Lit 1,80 x 2,00m<br>&#8211; Linge de lit<br>&#8211; Armoire<br>&#8211; T\u00e9l\u00e9vision<\/p>\n\n\n\n<p><strong>Salon et s\u00e9jour<\/strong><br>&#8211; Canap\u00e9 <br>&#8211; T\u00e9l\u00e9vision<br>&#8211; Radio<\/p>\n\n\n\n<p><strong>Divers<\/strong><br>&#8211; Lave linge<br>&#8211; S\u00e8che linge<br>&#8211; \u00c9tendoir<br>&#8211; Mat\u00e9riel de repassage<br><br><\/p>\n<\/div>\n<\/div>\n\n\n\n<figure class=\"wp-block-image size-full\"><img loading=\"lazy\" decoding=\"async\" width=\"965\" height=\"644\" src=\"http:\/\/www.gites-scheidecker.com\/install\/wp-content\/uploads\/2021\/12\/P1010151.jpg\" alt=\"\" class=\"wp-image-161\" srcset=\"http:\/\/www.gites-scheidecker.com\/install\/wp-content\/uploads\/2021\/12\/P1010151.jpg 965w, http:\/\/www.gites-scheidecker.com\/install\/wp-content\/uploads\/2021\/12\/P1010151-300x200.jpg 300w, http:\/\/www.gites-scheidecker.com\/install\/wp-content\/uploads\/2021\/12\/P1010151-768x513.jpg 768w\" sizes=\"auto, (max-width: 706px) 89vw, (max-width: 767px) 82vw, 740px\" \/><\/figure>\n\n\n\n<h3 class=\"wp-block-heading\"><strong>Nos disponibilit\u00e9s : <\/strong><\/h3>\n\n\n\n<p class=\"has-medium-font-size\"><small>N&rsquo;h\u00e9sitez pas \u00e0 nous contacter pour plus d&rsquo;information ou pour r\u00e9server, vous trouverez nos coordonn\u00e9es en bas de page. Vous pouvez \u00e9galement consulter nos disponibilit\u00e9s sur le site de<\/small><a href=\"https:\/\/www.gites-de-france.com\/fr\/grand-est\/haut-rhin\/la-streng-laurier-h68g021549\"><small> <\/small><\/a><a href=\"https:\/\/www.gites-de-france.com\/fr\/grand-est\/haut-rhin\/la-streng-laurier-h68g021549\" target=\"_blank\" rel=\"noreferrer noopener\"><small>G\u00eetes de France<\/small> <small> <\/small><\/a><br><\/p>\n","protected":false},"excerpt":{"rendered":"<p>Le g\u00eete \u00ab\u00a0Laurier\u00a0\u00bb Ce g\u00eete est situ\u00e9 au rez-de-chauss\u00e9e de la maison, et peut accueillir 2 personnes et un b\u00e9b\u00e9. Vous disposerez d&rsquo;une entr\u00e9e ind\u00e9pendante, d&rsquo;une cour privative pour la voiture, une terrasse priv\u00e9 et l&rsquo;acc\u00e8s au jardin commun. Caract\u00e9ristiques : &#8211; Capacit\u00e9 2 personnes&#8211; Parking priv\u00e9 dans la cour&#8211; Terrasse priv\u00e9&#8211; G\u00eete climatis\u00e9&#8211; Connexion &hellip; <\/p>\n<p class=\"link-more\"><a href=\"http:\/\/www.gites-scheidecker.com\/install\/index.php\/laurier\/\" class=\"more-link\">Continuer la lecture<span class=\"screen-reader-text\"> de &laquo;&nbsp;Laurier&nbsp;&raquo;<\/span><\/a><\/p>\n","protected":false},"author":1,"featured_media":0,"parent":0,"menu_order":0,"comment_status":"closed","ping_status":"closed","template":"","meta":{"footnotes":""},"class_list":["post-49","page","type-page","status-publish","hentry"],"_links":{"self":[{"href":"http:\/\/www.gites-scheidecker.com\/install\/index.php\/wp-json\/wp\/v2\/pages\/49","targetHints":{"allow":["GET"]}}],"collection":[{"href":"http:\/\/www.gites-scheidecker.com\/install\/index.php\/wp-json\/wp\/v2\/pages"}],"about":[{"href":"http:\/\/www.gites-scheidecker.com\/install\/index.php\/wp-json\/wp\/v2\/types\/page"}],"author":[{"embeddable":true,"href":"http:\/\/www.gites-scheidecker.com\/install\/index.php\/wp-json\/wp\/v2\/users\/1"}],"replies":[{"embeddable":true,"href":"http:\/\/www.gites-scheidecker.com\/install\/index.php\/wp-json\/wp\/v2\/comments?post=49"}],"version-history":[{"count":39,"href":"http:\/\/www.gites-scheidecker.com\/install\/index.php\/wp-json\/wp\/v2\/pages\/49\/revisions"}],"predecessor-version":[{"id":311,"href":"http:\/\/www.gites-scheidecker.com\/install\/index.php\/wp-json\/wp\/v2\/pages\/49\/revisions\/311"}],"wp:attachment":[{"href":"http:\/\/www.gites-scheidecker.com\/install\/index.php\/wp-json\/wp\/v2\/media?parent=49"}],"curies":[{"name":"wp","href":"https:\/\/api.w.org\/{rel}","templated":true}]}}